{"id":36,"date":"2021-10-25T13:59:14","date_gmt":"2021-10-25T13:59:14","guid":{"rendered":"https:\/\/www.brulerie-chatelet.fr\/?page_id=36"},"modified":"2025-09-30T20:06:42","modified_gmt":"2025-09-30T20:06:42","slug":"la-brulerie","status":"publish","type":"page","link":"https:\/\/www.brulerie-chatelet.fr\/?page_id=36","title":{"rendered":"La Br\u00fblerie"},"content":{"rendered":"\t\t<div data-elementor-type=\"wp-page\" data-elementor-id=\"36\" class=\"elementor elementor-36\" data-elementor-post-type=\"page\">\n\t\t\t\t\t\t<section class=\"elementor-section elementor-top-section elementor-element elementor-element-7a88419 elementor-section-full_width elementor-section-height-default elementor-section-height-default\" data-id=\"7a88419\" data-element_type=\"section\" data-e-type=\"section\" data-settings=\"{&quot;background_background&quot;:&quot;classic&quot;,&quot;shape_divider_top&quot;:&quot;pyramids&quot;,&quot;shape_divider_bottom&quot;:&quot;pyramids&quot;}\">\n\t\t\t\t\t\t\t<div class=\"elementor-background-overlay\"><\/div>\n\t\t\t\t\t\t<div class=\"elementor-shape elementor-shape-top\" aria-hidden=\"true\" data-negative=\"false\">\n\t\t\t<svg xmlns=\"http:\/\/www.w3.org\/2000\/svg\" viewBox=\"0 0 1000 100\" preserveAspectRatio=\"none\">\n\t<path class=\"elementor-shape-fill\" d=\"M761.9,44.1L643.1,27.2L333.8,98L0,3.8V0l1000,0v3.9\"\/>\n<\/svg>\t\t<\/div>\n\t\t\t\t<div class=\"elementor-shape elementor-shape-bottom\" aria-hidden=\"true\" data-negative=\"false\">\n\t\t\t<svg xmlns=\"http:\/\/www.w3.org\/2000\/svg\" viewBox=\"0 0 1000 100\" preserveAspectRatio=\"none\">\n\t<path class=\"elementor-shape-fill\" d=\"M761.9,44.1L643.1,27.2L333.8,98L0,3.8V0l1000,0v3.9\"\/>\n<\/svg>\t\t<\/div>\n\t\t\t\t\t<div class=\"elementor-container elementor-column-gap-default\">\n\t\t\t\t\t<div class=\"elementor-column elementor-col-100 elementor-top-column elementor-element elementor-element-e6a9d52\" data-id=\"e6a9d52\" data-element_type=\"column\" data-e-type=\"column\">\n\t\t\t<div class=\"elementor-widget-wrap elementor-element-populated\">\n\t\t\t\t\t\t<div class=\"elementor-element elementor-element-556ee5f elementor-position-top elementor-widget elementor-widget-image-box\" data-id=\"556ee5f\" data-element_type=\"widget\" data-e-type=\"widget\" data-widget_type=\"image-box.default\">\n\t\t\t\t<div class=\"elementor-widget-container\">\n\t\t\t\t\t<div class=\"elementor-image-box-wrapper\"><figure class=\"elementor-image-box-img\"><img fetchpriority=\"high\" decoding=\"async\" width=\"500\" height=\"500\" src=\"https:\/\/www.brulerie-chatelet.fr\/wp-content\/uploads\/2022\/10\/cropped-cropped-Copie-de-Taille-originale-LBrulerie-du-chatelet9.png\" class=\"attachment-full size-full wp-image-2099\" alt=\"\" srcset=\"https:\/\/www.brulerie-chatelet.fr\/wp-content\/uploads\/2022\/10\/cropped-cropped-Copie-de-Taille-originale-LBrulerie-du-chatelet9.png 500w, https:\/\/www.brulerie-chatelet.fr\/wp-content\/uploads\/2022\/10\/cropped-cropped-Copie-de-Taille-originale-LBrulerie-du-chatelet9-300x300.png 300w, https:\/\/www.brulerie-chatelet.fr\/wp-content\/uploads\/2022\/10\/cropped-cropped-Copie-de-Taille-originale-LBrulerie-du-chatelet9-150x150.png 150w, https:\/\/www.brulerie-chatelet.fr\/wp-content\/uploads\/2022\/10\/cropped-cropped-Copie-de-Taille-originale-LBrulerie-du-chatelet9-100x100.png 100w\" sizes=\"(max-width: 500px) 100vw, 500px\" \/><\/figure><div class=\"elementor-image-box-content\"><h3 class=\"elementor-image-box-title\">La Br\u00fblerie du Ch\u00e2telet, 49 ans dans les Halles d'Orl\u00e9ans<\/h3><p class=\"elementor-image-box-description\">Depuis plus de 45 ans, La Brulerie du Ch\u00e2telet situ\u00e9e au c\u0153ur des Halles Ch\u00e2telet \u00e0 deux pas de la Loire propose les meilleurs Arabicas venant de tous les continents ainsi que des th\u00e9s et infusions d'exception.<\/p><\/div><\/div>\t\t\t\t<\/div>\n\t\t\t\t<\/div>\n\t\t\t\t<div class=\"elementor-element elementor-element-b734381 elementor-widget elementor-widget-spacer\" data-id=\"b734381\" data-element_type=\"widget\" data-e-type=\"widget\" data-widget_type=\"spacer.default\">\n\t\t\t\t<div class=\"elementor-widget-container\">\n\t\t\t\t\t\t\t<div class=\"elementor-spacer\">\n\t\t\t<div class=\"elementor-spacer-inner\"><\/div>\n\t\t<\/div>\n\t\t\t\t\t\t<\/div>\n\t\t\t\t<\/div>\n\t\t\t\t<section class=\"elementor-section elementor-inner-section elementor-element elementor-element-1ca28ce elementor-section-boxed elementor-section-height-default elementor-section-height-default\" data-id=\"1ca28ce\" data-element_type=\"section\" data-e-type=\"section\">\n\t\t\t\t\t\t<div class=\"elementor-container elementor-column-gap-default\">\n\t\t\t\t\t<div class=\"elementor-column elementor-col-50 elementor-inner-column elementor-element elementor-element-d926881\" data-id=\"d926881\" data-element_type=\"column\" data-e-type=\"column\">\n\t\t\t<div class=\"elementor-widget-wrap elementor-element-populated\">\n\t\t\t\t\t\t<div class=\"elementor-element elementor-element-b373a0f elementor-widget elementor-widget-image\" data-id=\"b373a0f\" data-element_type=\"widget\" data-e-type=\"widget\" data-widget_type=\"image.default\">\n\t\t\t\t<div class=\"elementor-widget-container\">\n\t\t\t\t\t\t\t\t\t\t\t\t\t\t\t<img decoding=\"async\" width=\"800\" height=\"800\" data-src=\"https:\/\/www.brulerie-chatelet.fr\/wp-content\/uploads\/2024\/11\/Shooting-insta-Sept24-1024x1024.png\" class=\"attachment-large size-large wp-image-2305 lazyload\" alt=\"\" data-srcset=\"https:\/\/www.brulerie-chatelet.fr\/wp-content\/uploads\/2024\/11\/Shooting-insta-Sept24-1024x1024.png 1024w, https:\/\/www.brulerie-chatelet.fr\/wp-content\/uploads\/2024\/11\/Shooting-insta-Sept24-300x300.png 300w, https:\/\/www.brulerie-chatelet.fr\/wp-content\/uploads\/2024\/11\/Shooting-insta-Sept24-150x150.png 150w, https:\/\/www.brulerie-chatelet.fr\/wp-content\/uploads\/2024\/11\/Shooting-insta-Sept24-768x768.png 768w, https:\/\/www.brulerie-chatelet.fr\/wp-content\/uploads\/2024\/11\/Shooting-insta-Sept24-600x600.png 600w, https:\/\/www.brulerie-chatelet.fr\/wp-content\/uploads\/2024\/11\/Shooting-insta-Sept24-100x100.png 100w, https:\/\/www.brulerie-chatelet.fr\/wp-content\/uploads\/2024\/11\/Shooting-insta-Sept24.png 1080w\" data-sizes=\"(max-width: 800px) 100vw, 800px\" src=\"data:image\/svg+xml;base64,PHN2ZyB3aWR0aD0iMSIgaGVpZ2h0PSIxIiB4bWxucz0iaHR0cDovL3d3dy53My5vcmcvMjAwMC9zdmciPjwvc3ZnPg==\" style=\"--smush-placeholder-width: 800px; --smush-placeholder-aspect-ratio: 800\/800;\" \/>\t\t\t\t\t\t\t\t\t\t\t\t\t\t\t<\/div>\n\t\t\t\t<\/div>\n\t\t\t\t<div class=\"elementor-element elementor-element-699d14b elementor-hidden-mobile elementor-widget elementor-widget-image\" data-id=\"699d14b\" data-element_type=\"widget\" data-e-type=\"widget\" data-widget_type=\"image.default\">\n\t\t\t\t<div class=\"elementor-widget-container\">\n\t\t\t\t\t\t\t\t\t\t\t\t\t\t\t<img decoding=\"async\" width=\"800\" height=\"800\" data-src=\"https:\/\/www.brulerie-chatelet.fr\/wp-content\/uploads\/2024\/11\/Shooting-insta-Sept241-1024x1024.png\" class=\"attachment-large size-large wp-image-2306 lazyload\" alt=\"\" data-srcset=\"https:\/\/www.brulerie-chatelet.fr\/wp-content\/uploads\/2024\/11\/Shooting-insta-Sept241-1024x1024.png 1024w, https:\/\/www.brulerie-chatelet.fr\/wp-content\/uploads\/2024\/11\/Shooting-insta-Sept241-300x300.png 300w, https:\/\/www.brulerie-chatelet.fr\/wp-content\/uploads\/2024\/11\/Shooting-insta-Sept241-150x150.png 150w, https:\/\/www.brulerie-chatelet.fr\/wp-content\/uploads\/2024\/11\/Shooting-insta-Sept241-768x768.png 768w, https:\/\/www.brulerie-chatelet.fr\/wp-content\/uploads\/2024\/11\/Shooting-insta-Sept241-600x600.png 600w, https:\/\/www.brulerie-chatelet.fr\/wp-content\/uploads\/2024\/11\/Shooting-insta-Sept241-100x100.png 100w, https:\/\/www.brulerie-chatelet.fr\/wp-content\/uploads\/2024\/11\/Shooting-insta-Sept241.png 1080w\" data-sizes=\"(max-width: 800px) 100vw, 800px\" src=\"data:image\/svg+xml;base64,PHN2ZyB3aWR0aD0iMSIgaGVpZ2h0PSIxIiB4bWxucz0iaHR0cDovL3d3dy53My5vcmcvMjAwMC9zdmciPjwvc3ZnPg==\" style=\"--smush-placeholder-width: 800px; --smush-placeholder-aspect-ratio: 800\/800;\" \/>\t\t\t\t\t\t\t\t\t\t\t\t\t\t\t<\/div>\n\t\t\t\t<\/div>\n\t\t\t\t\t<\/div>\n\t\t<\/div>\n\t\t\t\t<div class=\"elementor-column elementor-col-50 elementor-inner-column elementor-element elementor-element-3492200\" data-id=\"3492200\" data-element_type=\"column\" data-e-type=\"column\">\n\t\t\t<div class=\"elementor-widget-wrap elementor-element-populated\">\n\t\t\t\t\t\t<div class=\"elementor-element elementor-element-de8d4d7 elementor-widget elementor-widget-eael-feature-list\" data-id=\"de8d4d7\" data-element_type=\"widget\" data-e-type=\"widget\" data-widget_type=\"eael-feature-list.default\">\n\t\t\t\t<div class=\"elementor-widget-container\">\n\t\t\t\t\t\t\t<div class=\"-icon-position-left -tablet-icon-position-left -mobile-icon-position-left\">\n\t\t\t<ul id=\"eael-feature-list-de8d4d7\" class=\"eael-feature-list-items circle stacked  eael-feature-list-vertical\" data-layout-tablet=\"vertical\" data-layout-mobile=\"vertical\">\n\t\t\t                <li class=\"eael-feature-list-item elementor-repeater-item-1268ddb\">\n                    \n\t\t\t\t\t\t<div class=\"eael-feature-list-icon-box\">\n\t\t\t\t\t\t\t<div class=\"eael-feature-list-icon-inner\">\n\n\t\t\t\t\t\t\t\t<span class=\"eael-feature-list-icon fl-icon-0\">\n\n\t\t<i aria-hidden=\"true\" class=\"fas fa-fire\"><\/i>\t\t\t\t\t\t\t\t<\/span>\n\t\t\t\t\t\t\t<\/div>\n\t\t\t\t\t\t<\/div>\n\t\t\t\t\t\t<div class=\"eael-feature-list-content-box\">\n                            <h2 class=\"eael-feature-list-title\">Un M\u00e9tier, une Passion<\/h2>\t\t\t\t\t\t<p class=\"eael-feature-list-content\">Notre c\u0153ur de m\u00e9tier est la torr\u00e9faction du caf\u00e9. Les grains de caf\u00e9 vert sont ainsi torr\u00e9fi\u00e9s sur place chaque semaine dans notre atelier au c\u0153ur des Halles d'Orl\u00e9ans. L'op\u00e9ration dure une vingtaine de minutes \u00e0 une temp\u00e9rature de 200\u00b0. Il s'agit donc une torr\u00e9faction lente et '\u00e0 l'ancienne', la seule qui permet de r\u00e9v\u00e9ler la pl\u00e9nitude des ar\u00f4mes du caf\u00e9 et de faire ressortir les sp\u00e9cificit\u00e9s de son terroir. En effet, le degr\u00e9 de cuisson et le temps de torr\u00e9faction influencent grandement le d\u00e9veloppement des ar\u00f4mes. C'est l\u00e0 que s'exprime tout le savoir faire du torr\u00e9facteur. A La Brulerie du Ch\u00e2telet, nous pratiquons une torr\u00e9faction dite 'Robe de Moine' qui conserve les ar\u00f4mes en \u00e9vitant un exc\u00e9dent de l'amertume inh\u00e9rente au caf\u00e9.<\/p>\n\t\t\t\t\t\t<\/div>\n\n\t\t\t\t\t<\/li>\n\t\t\t\t                <li class=\"eael-feature-list-item elementor-repeater-item-7b8664e\">\n                    \n\t\t\t\t\t\t<div class=\"eael-feature-list-icon-box\">\n\t\t\t\t\t\t\t<div class=\"eael-feature-list-icon-inner\">\n\n\t\t\t\t\t\t\t\t<span class=\"eael-feature-list-icon fl-icon-1\">\n\n\t\t<i aria-hidden=\"true\" class=\"fas fa-fire\"><\/i>\t\t\t\t\t\t\t\t<\/span>\n\t\t\t\t\t\t\t<\/div>\n\t\t\t\t\t\t<\/div>\n\t\t\t\t\t\t<div class=\"eael-feature-list-content-box\">\n                            <h2 class=\"eael-feature-list-title\">Du Caf\u00e9, mais pas Seulement<\/h2>\t\t\t\t\t\t<p class=\"eael-feature-list-content\">Nous proposons \u00e9galement une large gamme de th\u00e9s et d'infusions, aussi bien de grandes maisons de th\u00e9 (Compagnie Coloniale notamment) que nos propres compositions. Au total, ce sont plus de 135 r\u00e9f\u00e9rences de th\u00e9s et tisanes parmi lesquelles nous vous orienterons.<\/p>\n\t\t\t\t\t\t<\/div>\n\n\t\t\t\t\t<\/li>\n\t\t\t\t                <li class=\"eael-feature-list-item elementor-repeater-item-8230365\">\n                    \n\t\t\t\t\t\t<div class=\"eael-feature-list-icon-box\">\n\t\t\t\t\t\t\t<div class=\"eael-feature-list-icon-inner\">\n\n\t\t\t\t\t\t\t\t<span class=\"eael-feature-list-icon fl-icon-2\">\n\n\t\t<i aria-hidden=\"true\" class=\"fas fa-fire\"><\/i>\t\t\t\t\t\t\t\t<\/span>\n\t\t\t\t\t\t\t<\/div>\n\t\t\t\t\t\t<\/div>\n\t\t\t\t\t\t<div class=\"eael-feature-list-content-box\">\n                            <h2 class=\"eael-feature-list-title\">Le Fil Rouge : le Terroir<\/h2>\t\t\t\t\t\t<p class=\"eael-feature-list-content\">'il s'agisse de th\u00e9 ou de caf\u00e9, nous travaillons avec des produits de terroir, pour lesquelles la terre et le sol sont fondamentaux et donneront les ar\u00f4mes que vous trouverez dans votre tasse. Venez nous rencontrer sur place et nous nous ferons un plaisir de vous conseiller et de trouver avec vous le produit que vous cherchez.<\/p>\n\t\t\t\t\t\t<\/div>\n\n\t\t\t\t\t<\/li>\n\t\t\t\t\t\t\t<\/ul>\n\t\t<\/div>\n\t\t\t\t\t\t<\/div>\n\t\t\t\t<\/div>\n\t\t\t\t\t<\/div>\n\t\t<\/div>\n\t\t\t\t\t<\/div>\n\t\t<\/section>\n\t\t\t\t<div class=\"elementor-element elementor-element-d66fdfb elementor-widget elementor-widget-spacer\" data-id=\"d66fdfb\" data-element_type=\"widget\" data-e-type=\"widget\" data-widget_type=\"spacer.default\">\n\t\t\t\t<div class=\"elementor-widget-container\">\n\t\t\t\t\t\t\t<div class=\"elementor-spacer\">\n\t\t\t<div class=\"elementor-spacer-inner\"><\/div>\n\t\t<\/div>\n\t\t\t\t\t\t<\/div>\n\t\t\t\t<\/div>\n\t\t\t\t<div class=\"elementor-element elementor-element-3c29b9b elementor-arrows-position-inside elementor-pagination-position-outside elementor-widget elementor-widget-image-carousel\" data-id=\"3c29b9b\" data-element_type=\"widget\" data-e-type=\"widget\" data-settings=\"{&quot;slides_to_show&quot;:&quot;3&quot;,&quot;autoplay&quot;:&quot;no&quot;,&quot;image_spacing_custom&quot;:{&quot;unit&quot;:&quot;px&quot;,&quot;size&quot;:3,&quot;sizes&quot;:[]},&quot;navigation&quot;:&quot;both&quot;,&quot;infinite&quot;:&quot;yes&quot;,&quot;speed&quot;:500,&quot;image_spacing_custom_tablet&quot;:{&quot;unit&quot;:&quot;px&quot;,&quot;size&quot;:&quot;&quot;,&quot;sizes&quot;:[]},&quot;image_spacing_custom_mobile&quot;:{&quot;unit&quot;:&quot;px&quot;,&quot;size&quot;:&quot;&quot;,&quot;sizes&quot;:[]}}\" data-widget_type=\"image-carousel.default\">\n\t\t\t\t<div class=\"elementor-widget-container\">\n\t\t\t\t\t\t\t<div class=\"elementor-image-carousel-wrapper swiper\" role=\"region\" aria-roledescription=\"carousel\" aria-label=\"Carrousel d\u2019images\" dir=\"ltr\">\n\t\t\t<div class=\"elementor-image-carousel swiper-wrapper\" aria-live=\"polite\">\n\t\t\t\t\t\t\t\t<div class=\"swiper-slide\" role=\"group\" aria-roledescription=\"slide\" aria-label=\"1 sur 9\"><a data-elementor-open-lightbox=\"yes\" data-elementor-lightbox-slideshow=\"3c29b9b\" data-elementor-lightbox-title=\"Torr\u00e9facteur Samiac torr\u00e9faction artisanale\" data-elementor-lightbox-description=\"Torr\u00e9facteur traditionnel \u00e0 la flamme caf\u00e9 en grain artisanal\" data-e-action-hash=\"#elementor-action%3Aaction%3Dlightbox%26settings%3DeyJpZCI6MjE5MiwidXJsIjoiaHR0cHM6XC9cL3d3dy5icnVsZXJpZS1jaGF0ZWxldC5mclwvd3AtY29udGVudFwvdXBsb2Fkc1wvMjAyNFwvMDZcL1NjcmVlbnNob3QtMjAyNC0wNi0yMC1hdC0xMy01MS00Ny1CcnVsZXJpZS1kdS1DaGF0ZWxldC1AYnJ1bGVyaWVjaGF0ZWxldC1cdTIwMjItUGhvdG9zLWV0LXZpZGVvcy1JbnN0YWdyYW0ucG5nIiwic2xpZGVzaG93IjoiM2MyOWI5YiJ9\" href=\"https:\/\/www.brulerie-chatelet.fr\/wp-content\/uploads\/2024\/06\/Screenshot-2024-06-20-at-13-51-47-Brulerie-du-Chatelet-@bruleriechatelet-\u2022-Photos-et-videos-Instagram.png\"><figure class=\"swiper-slide-inner\"><img decoding=\"async\" class=\"swiper-slide-image lazyload\" data-src=\"https:\/\/www.brulerie-chatelet.fr\/wp-content\/uploads\/2024\/06\/Screenshot-2024-06-20-at-13-51-47-Brulerie-du-Chatelet-@bruleriechatelet-\u2022-Photos-et-videos-Instagram-240x300.png\" alt=\"Torr\u00e9facteur artisanale traditionnel caf\u00e9 en grain\" src=\"data:image\/svg+xml;base64,PHN2ZyB3aWR0aD0iMSIgaGVpZ2h0PSIxIiB4bWxucz0iaHR0cDovL3d3dy53My5vcmcvMjAwMC9zdmciPjwvc3ZnPg==\" style=\"--smush-placeholder-width: 240px; --smush-placeholder-aspect-ratio: 240\/300;\" \/><\/figure><\/a><\/div><div class=\"swiper-slide\" role=\"group\" aria-roledescription=\"slide\" aria-label=\"2 sur 9\"><a data-elementor-open-lightbox=\"yes\" data-elementor-lightbox-slideshow=\"3c29b9b\" data-elementor-lightbox-title=\"La Br\u00fblerie du Ch\u00e2telet - pelle \u00e0 caf\u00e9 en grains\" data-elementor-lightbox-description=\"Pelle \u00e0 caf\u00e9 en grain caf\u00e9 vert torr\u00e9faction artisanale\" data-e-action-hash=\"#elementor-action%3Aaction%3Dlightbox%26settings%3DeyJpZCI6MjE5MSwidXJsIjoiaHR0cHM6XC9cL3d3dy5icnVsZXJpZS1jaGF0ZWxldC5mclwvd3AtY29udGVudFwvdXBsb2Fkc1wvMjAyNFwvMDZcL1NjcmVlbnNob3QtMjAyNC0wNi0yMC1hdC0xMy01MS01Ni1CcnVsZXJpZS1kdS1DaGF0ZWxldC1AYnJ1bGVyaWVjaGF0ZWxldC1cdTIwMjItUGhvdG9zLWV0LXZpZGVvcy1JbnN0YWdyYW0ucG5nIiwic2xpZGVzaG93IjoiM2MyOWI5YiJ9\" href=\"https:\/\/www.brulerie-chatelet.fr\/wp-content\/uploads\/2024\/06\/Screenshot-2024-06-20-at-13-51-56-Brulerie-du-Chatelet-@bruleriechatelet-\u2022-Photos-et-videos-Instagram.png\"><figure class=\"swiper-slide-inner\"><img decoding=\"async\" class=\"swiper-slide-image lazyload\" data-src=\"https:\/\/www.brulerie-chatelet.fr\/wp-content\/uploads\/2024\/06\/Screenshot-2024-06-20-at-13-51-56-Brulerie-du-Chatelet-@bruleriechatelet-\u2022-Photos-et-videos-Instagram-300x300.png\" alt=\"Pelle \u00e0 caf\u00e9 vert en grain\" src=\"data:image\/svg+xml;base64,PHN2ZyB3aWR0aD0iMSIgaGVpZ2h0PSIxIiB4bWxucz0iaHR0cDovL3d3dy53My5vcmcvMjAwMC9zdmciPjwvc3ZnPg==\" style=\"--smush-placeholder-width: 300px; --smush-placeholder-aspect-ratio: 300\/300;\" \/><\/figure><\/a><\/div><div class=\"swiper-slide\" role=\"group\" aria-roledescription=\"slide\" aria-label=\"3 sur 9\"><a data-elementor-open-lightbox=\"yes\" data-elementor-lightbox-slideshow=\"3c29b9b\" data-elementor-lightbox-title=\"La Br\u00fblerie du Ch\u00e2telet - torr\u00e9facteur artisanal\" data-elementor-lightbox-description=\"Torr\u00e9facteur samiac torr\u00e9faction traditionnelle en grain\" data-e-action-hash=\"#elementor-action%3Aaction%3Dlightbox%26settings%3DeyJpZCI6MjE5MCwidXJsIjoiaHR0cHM6XC9cL3d3dy5icnVsZXJpZS1jaGF0ZWxldC5mclwvd3AtY29udGVudFwvdXBsb2Fkc1wvMjAyNFwvMDZcL1NjcmVlbnNob3QtMjAyNC0wNi0yMC1hdC0xMy01Mi0wNS1CcnVsZXJpZS1kdS1DaGF0ZWxldC1AYnJ1bGVyaWVjaGF0ZWxldC1cdTIwMjItUGhvdG9zLWV0LXZpZGVvcy1JbnN0YWdyYW0ucG5nIiwic2xpZGVzaG93IjoiM2MyOWI5YiJ9\" href=\"https:\/\/www.brulerie-chatelet.fr\/wp-content\/uploads\/2024\/06\/Screenshot-2024-06-20-at-13-52-05-Brulerie-du-Chatelet-@bruleriechatelet-\u2022-Photos-et-videos-Instagram.png\"><figure class=\"swiper-slide-inner\"><img decoding=\"async\" class=\"swiper-slide-image lazyload\" data-src=\"https:\/\/www.brulerie-chatelet.fr\/wp-content\/uploads\/2024\/06\/Screenshot-2024-06-20-at-13-52-05-Brulerie-du-Chatelet-@bruleriechatelet-\u2022-Photos-et-videos-Instagram-300x300.png\" alt=\"Torr\u00e9facteur caf\u00e9 en grain artisanal\" src=\"data:image\/svg+xml;base64,PHN2ZyB3aWR0aD0iMSIgaGVpZ2h0PSIxIiB4bWxucz0iaHR0cDovL3d3dy53My5vcmcvMjAwMC9zdmciPjwvc3ZnPg==\" style=\"--smush-placeholder-width: 300px; --smush-placeholder-aspect-ratio: 300\/300;\" \/><\/figure><\/a><\/div><div class=\"swiper-slide\" role=\"group\" aria-roledescription=\"slide\" aria-label=\"4 sur 9\"><a data-elementor-open-lightbox=\"yes\" data-elementor-lightbox-slideshow=\"3c29b9b\" data-elementor-lightbox-title=\"La Br\u00fblerie du Ch\u00e2telet - boutique fa\u00e7ade\" data-elementor-lightbox-description=\"La Br\u00fblerie du Ch\u00e2telet - comptoir de caf\u00e9 en grain torr\u00e9faction artisanale\" data-e-action-hash=\"#elementor-action%3Aaction%3Dlightbox%26settings%3DeyJpZCI6MjE5MywidXJsIjoiaHR0cHM6XC9cL3d3dy5icnVsZXJpZS1jaGF0ZWxldC5mclwvd3AtY29udGVudFwvdXBsb2Fkc1wvMjAyNFwvMDZcL0lNR18yMDIzMDIyM18xNzQzMjNfNDA1LXNjYWxlZC5qcGciLCJzbGlkZXNob3ciOiIzYzI5YjliIn0%3D\" href=\"https:\/\/www.brulerie-chatelet.fr\/wp-content\/uploads\/2024\/06\/IMG_20230223_174323_405-scaled.jpg\"><figure class=\"swiper-slide-inner\"><img decoding=\"async\" class=\"swiper-slide-image lazyload\" data-src=\"https:\/\/www.brulerie-chatelet.fr\/wp-content\/uploads\/2024\/06\/IMG_20230223_174323_405-300x300.jpg\" alt=\"boutique caf\u00e9 en grain torr\u00e9faction artisanale brulerie\" src=\"data:image\/svg+xml;base64,PHN2ZyB3aWR0aD0iMSIgaGVpZ2h0PSIxIiB4bWxucz0iaHR0cDovL3d3dy53My5vcmcvMjAwMC9zdmciPjwvc3ZnPg==\" style=\"--smush-placeholder-width: 300px; --smush-placeholder-aspect-ratio: 300\/300;\" \/><\/figure><\/a><\/div><div class=\"swiper-slide\" role=\"group\" aria-roledescription=\"slide\" aria-label=\"5 sur 9\"><a data-elementor-open-lightbox=\"yes\" data-elementor-lightbox-slideshow=\"3c29b9b\" data-elementor-lightbox-title=\"La Br\u00fblerie du Ch\u00e2telet - origami tasse caf\u00e9 m\u00e9thode douce\" data-elementor-lightbox-description=\"m\u00e9thode douce caf\u00e9 de sp\u00e9cialit\u00e9 en grain torr\u00e9facteur brulerie\" data-e-action-hash=\"#elementor-action%3Aaction%3Dlightbox%26settings%3DeyJpZCI6MjE4OCwidXJsIjoiaHR0cHM6XC9cL3d3dy5icnVsZXJpZS1jaGF0ZWxldC5mclwvd3AtY29udGVudFwvdXBsb2Fkc1wvMjAyNFwvMDZcL1NjcmVlbnNob3QtMjAyNC0wNi0yMC1hdC0xMy01Mi0zNC1CcnVsZXJpZS1kdS1DaGF0ZWxldC1AYnJ1bGVyaWVjaGF0ZWxldC1cdTIwMjItUGhvdG9zLWV0LXZpZGVvcy1JbnN0YWdyYW0ucG5nIiwic2xpZGVzaG93IjoiM2MyOWI5YiJ9\" href=\"https:\/\/www.brulerie-chatelet.fr\/wp-content\/uploads\/2024\/06\/Screenshot-2024-06-20-at-13-52-34-Brulerie-du-Chatelet-@bruleriechatelet-\u2022-Photos-et-videos-Instagram.png\"><figure class=\"swiper-slide-inner\"><img decoding=\"async\" class=\"swiper-slide-image lazyload\" data-src=\"https:\/\/www.brulerie-chatelet.fr\/wp-content\/uploads\/2024\/06\/Screenshot-2024-06-20-at-13-52-34-Brulerie-du-Chatelet-@bruleriechatelet-\u2022-Photos-et-videos-Instagram-300x300.png\" alt=\"origami m\u00e9thode douce caf\u00e9 en grain\" src=\"data:image\/svg+xml;base64,PHN2ZyB3aWR0aD0iMSIgaGVpZ2h0PSIxIiB4bWxucz0iaHR0cDovL3d3dy53My5vcmcvMjAwMC9zdmciPjwvc3ZnPg==\" style=\"--smush-placeholder-width: 300px; --smush-placeholder-aspect-ratio: 300\/300;\" \/><\/figure><\/a><\/div><div class=\"swiper-slide\" role=\"group\" aria-roledescription=\"slide\" aria-label=\"6 sur 9\"><a data-elementor-open-lightbox=\"yes\" data-elementor-lightbox-slideshow=\"3c29b9b\" data-elementor-lightbox-title=\"La Br\u00fblerie du Ch\u00e2telet - La mati\u00e8re premi\u00e8re : Le caf\u00e9 vert\" data-elementor-lightbox-description=\"La Br\u00fblerie du Ch\u00e2telet - torr\u00e9faction artisanale caf\u00e9 en grain brulerie\" data-e-action-hash=\"#elementor-action%3Aaction%3Dlightbox%26settings%3DeyJpZCI6MTU2MywidXJsIjoiaHR0cHM6XC9cL3d3dy5icnVsZXJpZS1jaGF0ZWxldC5mclwvd3AtY29udGVudFwvdXBsb2Fkc1wvMjAyMVwvMTJcLzIwMjExMjIwXzEwMDcwNy5qcGciLCJzbGlkZXNob3ciOiIzYzI5YjliIn0%3D\" href=\"https:\/\/www.brulerie-chatelet.fr\/wp-content\/uploads\/2021\/12\/20211220_100707.jpg\"><figure class=\"swiper-slide-inner\"><img decoding=\"async\" class=\"swiper-slide-image lazyload\" data-src=\"https:\/\/www.brulerie-chatelet.fr\/wp-content\/uploads\/2021\/12\/20211220_100707-225x300.jpg\" alt=\"caf\u00e9 vert en grain artisanal\" src=\"data:image\/svg+xml;base64,PHN2ZyB3aWR0aD0iMSIgaGVpZ2h0PSIxIiB4bWxucz0iaHR0cDovL3d3dy53My5vcmcvMjAwMC9zdmciPjwvc3ZnPg==\" style=\"--smush-placeholder-width: 225px; --smush-placeholder-aspect-ratio: 225\/300;\" \/><\/figure><\/a><\/div><div class=\"swiper-slide\" role=\"group\" aria-roledescription=\"slide\" aria-label=\"7 sur 9\"><a data-elementor-open-lightbox=\"yes\" data-elementor-lightbox-slideshow=\"3c29b9b\" data-elementor-lightbox-title=\"La Br\u00fblerie du Ch\u00e2telet - sac caf\u00e9 en grain colombie\" data-elementor-lightbox-description=\"caf\u00e9 en grain artisanal colombie brulerie torr\u00e9faction\" data-e-action-hash=\"#elementor-action%3Aaction%3Dlightbox%26settings%3DeyJpZCI6MjE4NywidXJsIjoiaHR0cHM6XC9cL3d3dy5icnVsZXJpZS1jaGF0ZWxldC5mclwvd3AtY29udGVudFwvdXBsb2Fkc1wvMjAyNFwvMDZcL1NjcmVlbnNob3QtMjAyNC0wNi0yMC1hdC0xMy01Mi00My1CcnVsZXJpZS1kdS1DaGF0ZWxldC1AYnJ1bGVyaWVjaGF0ZWxldC1cdTIwMjItUGhvdG9zLWV0LXZpZGVvcy1JbnN0YWdyYW0ucG5nIiwic2xpZGVzaG93IjoiM2MyOWI5YiJ9\" href=\"https:\/\/www.brulerie-chatelet.fr\/wp-content\/uploads\/2024\/06\/Screenshot-2024-06-20-at-13-52-43-Brulerie-du-Chatelet-@bruleriechatelet-\u2022-Photos-et-videos-Instagram.png\"><figure class=\"swiper-slide-inner\"><img decoding=\"async\" class=\"swiper-slide-image lazyload\" data-src=\"https:\/\/www.brulerie-chatelet.fr\/wp-content\/uploads\/2024\/06\/Screenshot-2024-06-20-at-13-52-43-Brulerie-du-Chatelet-@bruleriechatelet-\u2022-Photos-et-videos-Instagram-240x300.png\" alt=\"sac de caf\u00e9 vert en grains\" src=\"data:image\/svg+xml;base64,PHN2ZyB3aWR0aD0iMSIgaGVpZ2h0PSIxIiB4bWxucz0iaHR0cDovL3d3dy53My5vcmcvMjAwMC9zdmciPjwvc3ZnPg==\" style=\"--smush-placeholder-width: 240px; --smush-placeholder-aspect-ratio: 240\/300;\" \/><\/figure><\/a><\/div><div class=\"swiper-slide\" role=\"group\" aria-roledescription=\"slide\" aria-label=\"8 sur 9\"><a data-elementor-open-lightbox=\"yes\" data-elementor-lightbox-slideshow=\"3c29b9b\" data-elementor-lightbox-title=\"La Br\u00fblerie du Ch\u00e2telet - machines \u00e0 caf\u00e9\" data-elementor-lightbox-description=\"caf\u00e9 en grain artisanal torr\u00e9faction brulerie\" data-e-action-hash=\"#elementor-action%3Aaction%3Dlightbox%26settings%3DeyJpZCI6MjE4OSwidXJsIjoiaHR0cHM6XC9cL3d3dy5icnVsZXJpZS1jaGF0ZWxldC5mclwvd3AtY29udGVudFwvdXBsb2Fkc1wvMjAyNFwvMDZcL1NjcmVlbnNob3QtMjAyNC0wNi0yMC1hdC0xMy01Mi0xNi1CcnVsZXJpZS1kdS1DaGF0ZWxldC1AYnJ1bGVyaWVjaGF0ZWxldC1cdTIwMjItUGhvdG9zLWV0LXZpZGVvcy1JbnN0YWdyYW0ucG5nIiwic2xpZGVzaG93IjoiM2MyOWI5YiJ9\" href=\"https:\/\/www.brulerie-chatelet.fr\/wp-content\/uploads\/2024\/06\/Screenshot-2024-06-20-at-13-52-16-Brulerie-du-Chatelet-@bruleriechatelet-\u2022-Photos-et-videos-Instagram.png\"><figure class=\"swiper-slide-inner\"><img decoding=\"async\" class=\"swiper-slide-image lazyload\" data-src=\"https:\/\/www.brulerie-chatelet.fr\/wp-content\/uploads\/2024\/06\/Screenshot-2024-06-20-at-13-52-16-Brulerie-du-Chatelet-@bruleriechatelet-\u2022-Photos-et-videos-Instagram-300x225.png\" alt=\"machines \u00e0 caf\u00e9 delonghi machine \u00e0 grain torr\u00e9faction\" src=\"data:image\/svg+xml;base64,PHN2ZyB3aWR0aD0iMSIgaGVpZ2h0PSIxIiB4bWxucz0iaHR0cDovL3d3dy53My5vcmcvMjAwMC9zdmciPjwvc3ZnPg==\" style=\"--smush-placeholder-width: 300px; --smush-placeholder-aspect-ratio: 300\/225;\" \/><\/figure><\/a><\/div><div class=\"swiper-slide\" role=\"group\" aria-roledescription=\"slide\" aria-label=\"9 sur 9\"><a data-elementor-open-lightbox=\"yes\" data-elementor-lightbox-slideshow=\"3c29b9b\" data-elementor-lightbox-title=\"Caf\u00e9 vert\" data-elementor-lightbox-description=\"caf\u00e9 vert en grain torr\u00e9faction artisanale brulerie\" data-e-action-hash=\"#elementor-action%3Aaction%3Dlightbox%26settings%3DeyJpZCI6MjMwMSwidXJsIjoiaHR0cHM6XC9cL3d3dy5icnVsZXJpZS1jaGF0ZWxldC5mclwvd3AtY29udGVudFwvdXBsb2Fkc1wvMjAyNFwvMTFcL3BleGVscy1jb3R0b25icm8tNDgyMDgxMy1zY2FsZWQuanBnIiwic2xpZGVzaG93IjoiM2MyOWI5YiJ9\" href=\"https:\/\/www.brulerie-chatelet.fr\/wp-content\/uploads\/2024\/11\/pexels-cottonbro-4820813-scaled.jpg\"><figure class=\"swiper-slide-inner\"><img decoding=\"async\" class=\"swiper-slide-image lazyload\" data-src=\"https:\/\/www.brulerie-chatelet.fr\/wp-content\/uploads\/2024\/11\/pexels-cottonbro-4820813-300x200.jpg\" alt=\"pelle a caf\u00e9 vert en grains\" src=\"data:image\/svg+xml;base64,PHN2ZyB3aWR0aD0iMSIgaGVpZ2h0PSIxIiB4bWxucz0iaHR0cDovL3d3dy53My5vcmcvMjAwMC9zdmciPjwvc3ZnPg==\" style=\"--smush-placeholder-width: 300px; --smush-placeholder-aspect-ratio: 300\/200;\" \/><\/figure><\/a><\/div>\t\t\t<\/div>\n\t\t\t\t\t\t\t\t\t\t\t\t<div class=\"elementor-swiper-button elementor-swiper-button-prev\" role=\"button\" tabindex=\"0\">\n\t\t\t\t\t\t<i aria-hidden=\"true\" class=\"eicon-chevron-left\"><\/i>\t\t\t\t\t<\/div>\n\t\t\t\t\t<div class=\"elementor-swiper-button elementor-swiper-button-next\" role=\"button\" tabindex=\"0\">\n\t\t\t\t\t\t<i aria-hidden=\"true\" class=\"eicon-chevron-right\"><\/i>\t\t\t\t\t<\/div>\n\t\t\t\t\n\t\t\t\t\t\t\t\t\t<div class=\"swiper-pagination\"><\/div>\n\t\t\t\t\t\t\t\t\t<\/div>\n\t\t\t\t\t\t<\/div>\n\t\t\t\t<\/div>\n\t\t\t\t<div class=\"elementor-element elementor-element-b6346ff elementor-widget elementor-widget-google_maps\" data-id=\"b6346ff\" data-element_type=\"widget\" data-e-type=\"widget\" data-widget_type=\"google_maps.default\">\n\t\t\t\t<div class=\"elementor-widget-container\">\n\t\t\t\t\t\t\t<div class=\"elementor-custom-embed\">\n\t\t\t<iframe\n\t\t\t\t\tdata-src=\"https:\/\/maps.google.com\/maps?q=brulerie%20halles%20chatelet%2C%20Orl%C3%A9ans&#038;t=m&#038;z=14&#038;output=embed&#038;iwloc=near\"\n\t\t\t\t\ttitle=\"brulerie halles chatelet, Orl\u00e9ans\"\n\t\t\t\t\taria-label=\"brulerie halles chatelet, Orl\u00e9ans\"\n\t\t\t src=\"data:image\/svg+xml;base64,PHN2ZyB3aWR0aD0iMSIgaGVpZ2h0PSIxIiB4bWxucz0iaHR0cDovL3d3dy53My5vcmcvMjAwMC9zdmciPjwvc3ZnPg==\" class=\"lazyload\" data-load-mode=\"1\"><\/iframe>\n\t\t<\/div>\n\t\t\t\t\t\t<\/div>\n\t\t\t\t<\/div>\n\t\t\t\t<div class=\"elementor-element elementor-element-72d07fa elementor-widget elementor-widget-spacer\" data-id=\"72d07fa\" data-element_type=\"widget\" data-e-type=\"widget\" data-widget_type=\"spacer.default\">\n\t\t\t\t<div class=\"elementor-widget-container\">\n\t\t\t\t\t\t\t<div class=\"elementor-spacer\">\n\t\t\t<div class=\"elementor-spacer-inner\"><\/div>\n\t\t<\/div>\n\t\t\t\t\t\t<\/div>\n\t\t\t\t<\/div>\n\t\t\t\t\t<\/div>\n\t\t<\/div>\n\t\t\t\t\t<\/div>\n\t\t<\/section>\n\t\t\t\t<section class=\"elementor-section elementor-top-section elementor-element elementor-element-25b09f2 elementor-section-full_width elementor-section-height-default elementor-section-height-default\" data-id=\"25b09f2\" data-element_type=\"section\" data-e-type=\"section\">\n\t\t\t\t\t\t<div class=\"elementor-container elementor-column-gap-default\">\n\t\t\t\t\t<div class=\"elementor-column elementor-col-100 elementor-top-column elementor-element elementor-element-4a86568\" data-id=\"4a86568\" data-element_type=\"column\" data-e-type=\"column\">\n\t\t\t<div class=\"elementor-widget-wrap\">\n\t\t\t\t\t\t\t<\/div>\n\t\t<\/div>\n\t\t\t\t\t<\/div>\n\t\t<\/section>\n\t\t\t\t<\/div>\n\t\t","protected":false},"excerpt":{"rendered":"<p>La Br\u00fblerie du Ch\u00e2telet, 49 ans dans les Halles d&rsquo;Orl\u00e9ans Depuis plus de 45 ans, La Brulerie du Ch\u00e2telet situ\u00e9e au c\u0153ur des Halles Ch\u00e2telet \u00e0 deux pas de la Loire propose les meilleurs Arabicas venant de tous les continents ainsi que des th\u00e9s et infusions d&rsquo;exception. Un M\u00e9tier, une Passion Notre c\u0153ur de m\u00e9tier [&hellip;]<\/p>\n","protected":false},"author":1,"featured_media":0,"parent":0,"menu_order":0,"comment_status":"closed","ping_status":"closed","template":"","meta":{"footnotes":""},"class_list":["post-36","page","type-page","status-publish","hentry"],"_links":{"self":[{"href":"https:\/\/www.brulerie-chatelet.fr\/index.php?rest_route=\/wp\/v2\/pages\/36","targetHints":{"allow":["GET"]}}],"collection":[{"href":"https:\/\/www.brulerie-chatelet.fr\/index.php?rest_route=\/wp\/v2\/pages"}],"about":[{"href":"https:\/\/www.brulerie-chatelet.fr\/index.php?rest_route=\/wp\/v2\/types\/page"}],"author":[{"embeddable":true,"href":"https:\/\/www.brulerie-chatelet.fr\/index.php?rest_route=\/wp\/v2\/users\/1"}],"replies":[{"embeddable":true,"href":"https:\/\/www.brulerie-chatelet.fr\/index.php?rest_route=%2Fwp%2Fv2%2Fcomments&post=36"}],"version-history":[{"count":75,"href":"https:\/\/www.brulerie-chatelet.fr\/index.php?rest_route=\/wp\/v2\/pages\/36\/revisions"}],"predecessor-version":[{"id":3024,"href":"https:\/\/www.brulerie-chatelet.fr\/index.php?rest_route=\/wp\/v2\/pages\/36\/revisions\/3024"}],"wp:attachment":[{"href":"https:\/\/www.brulerie-chatelet.fr\/index.php?rest_route=%2Fwp%2Fv2%2Fmedia&parent=36"}],"curies":[{"name":"wp","href":"https:\/\/api.w.org\/{rel}","templated":true}]}}